{"id":52,"date":"2026-01-20T08:00:31","date_gmt":"2026-01-20T08:00:31","guid":{"rendered":"https:\/\/www.sanromaasociados.com\/?page_id=52"},"modified":"2026-01-20T09:04:30","modified_gmt":"2026-01-20T09:04:30","slug":"xavier-vila-gomez","status":"publish","type":"page","link":"https:\/\/sanromaasociados.com\/ca\/xavier-vila-gomez\/","title":{"rendered":"Xavier Vila G\u00f3mez"},"content":{"rendered":"\n[et_pb_section fb_built=\u00bb1&#8243; next_background_color=\u00bb#ffffff\u00bb _builder_version=\u00bb4.27.4&#8243; _module_preset=\u00bbdefault\u00bb background_color=\u00bb#4B2C2C\u00bb use_background_color_gradient=\u00bbon\u00bb background_color_gradient_direction=\u00bb134deg\u00bb background_color_gradient_stops=\u00bb#000000 30%|#4b2c2c 65%\u00bb positioning=\u00bbnone\u00bb custom_margin=\u00bb76px||||false|false\u00bb custom_padding=\u00bb70px|25px|70px|25px|true|true\u00bb bottom_divider_style=\u00bbasymmetric3&#8243; animation_style=\u00bbfade\u00bb global_colors_info=\u00bb{}\u00bb theme_builder_area=\u00bbpost_content\u00bb][et_pb_row make_equal=\u00bbon\u00bb _builder_version=\u00bb4.27.4&#8243; _module_preset=\u00bbdefault\u00bb width=\u00bb100%\u00bb max_width=\u00bb1200px\u00bb module_alignment=\u00bbcenter\u00bb custom_margin=\u00bb||||false|false\u00bb custom_padding=\u00bb||43px|||\u00bb global_colors_info=\u00bb{}\u00bb theme_builder_area=\u00bbpost_content\u00bb][et_pb_column type=\u00bb4_4&#8243; _builder_version=\u00bb4.27.4&#8243; _module_preset=\u00bbdefault\u00bb global_colors_info=\u00bb{}\u00bb theme_builder_area=\u00bbpost_content\u00bb][et_pb_heading title=\u00bbRafael Sanrom\u00e0 &#8211; Advocats &#038; Associats\u00bb _builder_version=\u00bb4.27.4&#8243; _module_preset=\u00bbdefault\u00bb title_font=\u00bbPlayfair Display|||on|||||\u00bb title_text_align=\u00bbcenter\u00bb title_text_color=\u00bb#FFFFFF\u00bb title_font_size=\u00bb21px\u00bb custom_margin=\u00bb||2px||false|false\u00bb global_colors_info=\u00bb{}\u00bb theme_builder_area=\u00bbpost_content\u00bb][\/et_pb_heading][et_pb_heading title=\u00bb@ET-DC@eyJkeW5hbWljIjp0cnVlLCJjb250ZW50IjoicG9zdF90aXRsZSIsInNldHRpbmdzIjp7ImJlZm9yZSI6IiIsImFmdGVyIjoiIn19@\u00bb _builder_version=\u00bb4.27.4&#8243; _dynamic_attributes=\u00bbtitle\u00bb _module_preset=\u00bbdefault\u00bb title_font=\u00bbPlayfair Display|||on|||||\u00bb title_text_align=\u00bbcenter\u00bb title_text_color=\u00bb#FFFFFF\u00bb title_font_size=\u00bb40px\u00bb custom_margin=\u00bb||4px|||\u00bb global_colors_info=\u00bb{}\u00bb theme_builder_area=\u00bbpost_content\u00bb][\/et_pb_heading][\/et_pb_column][\/et_pb_row][\/et_pb_section][et_pb_section fb_built=\u00bb1&#8243; _builder_version=\u00bb4.27.4&#8243; _module_preset=\u00bbdefault\u00bb background_enable_mask_style=\u00bbon\u00bb background_mask_style=\u00bbcorner-square\u00bb background_mask_color=\u00bbrgba(191,165,164,0.53)\u00bb background_mask_transform=\u00bbinvert|flip_horizontal|flip_vertical\u00bb background_mask_aspect_ratio=\u00bbportrait\u00bb custom_padding=\u00bb70px|20px|70px|20px|true|true\u00bb animation_style=\u00bbfade\u00bb global_colors_info=\u00bb{}\u00bb theme_builder_area=\u00bbpost_content\u00bb][et_pb_row column_structure=\u00bb1_2,1_2&#8243; _builder_version=\u00bb4.27.4&#8243; _module_preset=\u00bbdefault\u00bb width=\u00bb100%\u00bb max_width=\u00bb1200px\u00bb custom_margin=\u00bb|auto|55px|auto||\u00bb custom_padding=\u00bb0px||4px|||\u00bb global_colors_info=\u00bb{}\u00bb theme_builder_area=\u00bbpost_content\u00bb][et_pb_column type=\u00bb1_2&#8243; _builder_version=\u00bb4.27.4&#8243; _module_preset=\u00bbdefault\u00bb global_colors_info=\u00bb{}\u00bb theme_builder_area=\u00bbpost_content\u00bb][et_pb_text _builder_version=\u00bb4.27.4&#8243; _module_preset=\u00bbdefault\u00bb text_font=\u00bbInter||||||||\u00bb text_text_color=\u00bb#000000&#8243; text_font_size=\u00bb16px\u00bb text_line_height=\u00bb1.4em\u00bb custom_margin=\u00bb7px||1px||false|false\u00bb hover_enabled=\u00bb0&#8243; global_colors_info=\u00bb{}\u00bb theme_builder_area=\u00bbpost_content\u00bb sticky_enabled=\u00bb0&#8243; custom_padding=\u00bb||14px|||\u00bb header_2_font=\u00bbPlayfair Display|||on|||||\u00bb header_2_font_size=\u00bb22px\u00bb header_2_line_height=\u00bb2.2em\u00bb header_2_text_color=\u00bb#491212&#8243;]<p>Especialista en derecho civil, mercantil y bancario.<\/p>\n<h2><strong>Formaci\u00f3n:\u00a0<\/strong><\/h2>\n<ul>\n<li><strong>2009-2014:<\/strong> Graduado en Ciencias Pol\u00edticas y Gesti\u00f3n P\u00fablica por la Universidad Aut\u00f3noma de Barcelona.<\/li>\n<li><strong>2010-2015:<\/strong> Graduado en Derecho por la Universidad Aut\u00f3noma de Barcelona y miembro del Ilustre Colegio de Abogados de Tarragona, con n\u00famero de colegiado 2907.<\/li>\n<li><strong>2015-2016:<\/strong> M\u00e1ster en Abogac\u00eda Internacional y de los Negocios por el Instituto Superior de Derecho y Econom\u00eda de Barcelona.<\/li>\n<li><strong>2015-2017:<\/strong> M\u00e1ster de Acceso al ejercicio de la Abogac\u00eda por el Instituto Superior de Derecho y Econom\u00eda de Barcelona.<strong><a href=\"mailto:x.vila@sanromaasociados.com%20\" target=\"_blank\" rel=\"noopener\" title=\"x.vila@sanromaasociados.com \"><span style=\"color: #000000;\"><\/span><\/a><\/strong><\/li>\n<\/ul>[\/et_pb_text][et_pb_divider _builder_version=\u00bb4.27.4&#8243; _module_preset=\u00bbdefault\u00bb theme_builder_area=\u00bbpost_content\u00bb color=\u00bb#491212&#8243; divider_weight=\u00bb1.4px\u00bb hover_enabled=\u00bb0&#8243; sticky_enabled=\u00bb0&#8243; custom_margin=\u00bb||5px|||\u00bb custom_padding=\u00bb0px||7px|||\u00bb][\/et_pb_divider][dnxte_feature_list_parent _builder_version=\u00bb4.27.4&#8243; _module_preset=\u00bbdefault\u00bb theme_builder_area=\u00bbpost_content\u00bb dnxte_feature_list_icon_color=\u00bb#491212&#8243; dnxte_feature_list_icon_size=\u00bb18px\u00bb hover_enabled=\u00bb0&#8243; sticky_enabled=\u00bb0&#8243;][dnxte_feature_list_child _builder_version=\u00bb4.27.4&#8243; _module_preset=\u00bbdefault\u00bb theme_builder_area=\u00bbpost_content\u00bb dnxte_feature_list_icon=\u00bb&#xf0e0;||fa||900&#8243; dnxte_feature_list_title=\u00bbx.vila@sanromaasociados.com\u00bb link_option_url=\u00bbmailto:x.vila@sanromaasociados.com\u00bb link_option_url_new_window=\u00bbon\u00bb dnxte_feature_list_icon_color=\u00bb#491212&#8243; module_text_color=\u00bb#000000&#8243; module_font=\u00bbInter||||||||\u00bb module_font_size=\u00bb16px\u00bb hover_enabled=\u00bb0&#8243; sticky_enabled=\u00bb0&#8243;][\/dnxte_feature_list_child][dnxte_feature_list_child _builder_version=\u00bb4.27.4&#8243; _module_preset=\u00bbdefault\u00bb theme_builder_area=\u00bbpost_content\u00bb dnxte_feature_list_icon=\u00bb&#xe0cb;||divi||400&#8243; dnxte_feature_list_title=\u00bbLinkedin Xavier Vila G\u00f3mez\u00bb link_option_url=\u00bbhttps:\/\/www.linkedin.com\/in\/xavier-vila-g%C3%B3mez\/\u00bb link_option_url_new_window=\u00bbon\u00bb dnxte_feature_list_icon_color=\u00bb#491212&#8243; module_text_color=\u00bb#000000&#8243; module_font=\u00bbInter||||||||\u00bb module_font_size=\u00bb16px\u00bb hover_enabled=\u00bb0&#8243; sticky_enabled=\u00bb0&#8243;][\/dnxte_feature_list_child][\/dnxte_feature_list_parent][\/et_pb_column][et_pb_column type=\u00bb1_2&#8243; _builder_version=\u00bb4.27.4&#8243; _module_preset=\u00bbdefault\u00bb global_colors_info=\u00bb{}\u00bb theme_builder_area=\u00bbpost_content\u00bb][et_pb_image src=\u00bbhttps:\/\/sanromaasociados.com\/wp-content\/uploads\/2025\/11\/nano-banana-2025-10-30T13-52-57.png\u00bb alt=\u00bbRetrato de Xavier Vila.\u00bb title_text=\u00bbXavier Vila\u00bb _builder_version=\u00bb4.27.4&#8243; _module_preset=\u00bbdefault\u00bb hover_enabled=\u00bb0&#8243; border_radii=\u00bbon|9px|9px|9px|9px\u00bb global_colors_info=\u00bb{}\u00bb transform_styles__hover_enabled=\u00bbon|desktop\u00bb transform_scale__hover_enabled=\u00bbon|desktop\u00bb transform_translate__hover_enabled=\u00bbon|desktop\u00bb transform_rotate__hover_enabled=\u00bbon|desktop\u00bb transform_skew__hover_enabled=\u00bbon|desktop\u00bb transform_origin__hover_enabled=\u00bbon|desktop\u00bb transform_scale__hover=\u00bb102%|102%\u00bb theme_builder_area=\u00bbpost_content\u00bb sticky_enabled=\u00bb0&#8243; width=\u00bb89%\u00bb][\/et_pb_image][\/et_pb_column][\/et_pb_row][\/et_pb_section]\n","protected":false},"excerpt":{"rendered":"<p>Especialista en derecho civil, mercantil y bancario. Formaci\u00f3n:\u00a0 2009-2014: Graduado en Ciencias Pol\u00edticas y Gesti\u00f3n P\u00fablica por la Universidad Aut\u00f3noma de Barcelona. 2010-2015: Graduado en Derecho por la Universidad Aut\u00f3noma de Barcelona y miembro del Ilustre Colegio de Abogados de Tarragona, con n\u00famero de colegiado 2907. 2015-2016: M\u00e1ster en Abogac\u00eda Internacional y de los Negocios [&hellip;]<\/p>\n","protected":false},"author":7,"featured_media":0,"parent":0,"menu_order":0,"comment_status":"closed","ping_status":"closed","template":"","meta":{"_et_pb_use_builder":"on","_et_pb_old_content":"<strong><img class=\"alignnone size-full wp-image-236\" src=\"https:\/\/sanromaasociados.com\/wp-content\/uploads\/2019\/05\/correcta.jpg\" alt=\"\" width=\"256\" height=\"256\" \/><\/strong>\r\n\r\n<strong>Email:\u00a0<a href=\"mailto:x.vila@sanromaasociados.com\">x.vila@sanromaasociados.com<\/a>\u00a0<\/strong>\r\n\r\n<strong>FORMACI\u00d3N:\u00a0<\/strong>\r\n\r\n2009-2014: Graduado en Ciencias Pol\u00edticas y Gesti\u00f3n P\u00fablica por la Universidad Aut\u00f3noma de Barcelona.\r\n\r\n2010-2015: Graduado en Derecho por la Universidad Aut\u00f3noma de Barcelona y miembro del Ilustre Colegio de Abogados de Tarragona, con n\u00famero de colegiado 2907.\r\n\r\n2015-2016: M\u00e1ster en Abogac\u00eda Internacional y de los Negocios por el Instituto Superior de Derecho y Econom\u00eda de Barcelona.\r\n\r\n2015-2017: M\u00e1ster de Acceso al ejercicio de la Abogac\u00eda por el Instituto Superior de Derecho y Econom\u00eda de Barcelona.\r\n\r\n<strong>Especialista en derecho civil, mercantil y bancario.<\/strong>","_et_gb_content_width":"","footnotes":""},"class_list":["post-52","page","type-page","status-publish","hentry"],"yoast_head":"<!-- This site is optimized with the Yoast SEO plugin v26.9 - https:\/\/yoast.com\/product\/yoast-seo-wordpress\/ -->\n<title>Xavier Vila G\u00f3mez - Rafael Sanrom\u00e0<\/title>\n<meta name=\"description\" content=\"Xavier Vila G\u00f3mez. Especialista en derecho civil, mercantil y bancario.\" \/>\n<meta name=\"robots\" content=\"index, follow, max-snippet:-1, max-image-preview:large, max-video-preview:-1\" \/>\n<link rel=\"canonical\" href=\"https:\/\/sanromaasociados.com\/ca\/xavier-vila-gomez\/\" \/>\n<meta property=\"og:locale\" content=\"ca_ES\" \/>\n<meta property=\"og:type\" content=\"article\" \/>\n<meta property=\"og:title\" content=\"Xavier Vila G\u00f3mez - Rafael Sanrom\u00e0\" \/>\n<meta property=\"og:description\" content=\"Xavier Vila G\u00f3mez. Especialista en derecho civil, mercantil y bancario.\" \/>\n<meta property=\"og:url\" content=\"https:\/\/sanromaasociados.com\/ca\/xavier-vila-gomez\/\" \/>\n<meta property=\"og:site_name\" content=\"Rafael Sanrom\u00e0\" \/>\n<meta property=\"article:modified_time\" content=\"2026-01-20T09:04:30+00:00\" \/>\n<meta name=\"twitter:card\" content=\"summary_large_image\" \/>\n<meta name=\"twitter:label1\" content=\"Temps estimat de lectura\" \/>\n\t<meta name=\"twitter:data1\" content=\"1 minut\" \/>\n<script type=\"application\/ld+json\" class=\"yoast-schema-graph\">{\"@context\":\"https:\/\/schema.org\",\"@graph\":[{\"@type\":\"WebPage\",\"@id\":\"https:\/\/sanromaasociados.com\/xavier-vila-gomez\/\",\"url\":\"https:\/\/sanromaasociados.com\/xavier-vila-gomez\/\",\"name\":\"Xavier Vila G\u00f3mez - Rafael Sanrom\u00e0\",\"isPartOf\":{\"@id\":\"https:\/\/sanromaasociados.com\/#website\"},\"datePublished\":\"2026-01-20T08:00:31+00:00\",\"dateModified\":\"2026-01-20T09:04:30+00:00\",\"description\":\"Xavier Vila G\u00f3mez. Especialista en derecho civil, mercantil y bancario.\",\"breadcrumb\":{\"@id\":\"https:\/\/sanromaasociados.com\/xavier-vila-gomez\/#breadcrumb\"},\"inLanguage\":\"ca\",\"potentialAction\":[{\"@type\":\"ReadAction\",\"target\":[\"https:\/\/sanromaasociados.com\/xavier-vila-gomez\/\"]}]},{\"@type\":\"BreadcrumbList\",\"@id\":\"https:\/\/sanromaasociados.com\/xavier-vila-gomez\/#breadcrumb\",\"itemListElement\":[{\"@type\":\"ListItem\",\"position\":1,\"name\":\"Portada\",\"item\":\"https:\/\/sanromaasociados.com\/\"},{\"@type\":\"ListItem\",\"position\":2,\"name\":\"Xavier Vila G\u00f3mez\"}]},{\"@type\":\"WebSite\",\"@id\":\"https:\/\/sanromaasociados.com\/#website\",\"url\":\"https:\/\/sanromaasociados.com\/\",\"name\":\"Rafael Sanrom\u00e0\",\"description\":\"Advocats Associats\",\"publisher\":{\"@id\":\"https:\/\/sanromaasociados.com\/#organization\"},\"potentialAction\":[{\"@type\":\"SearchAction\",\"target\":{\"@type\":\"EntryPoint\",\"urlTemplate\":\"https:\/\/sanromaasociados.com\/?s={search_term_string}\"},\"query-input\":{\"@type\":\"PropertyValueSpecification\",\"valueRequired\":true,\"valueName\":\"search_term_string\"}}],\"inLanguage\":\"ca\"},{\"@type\":\"Organization\",\"@id\":\"https:\/\/sanromaasociados.com\/#organization\",\"name\":\"Rafael Sanrom\u00e0\",\"url\":\"https:\/\/sanromaasociados.com\/\",\"logo\":{\"@type\":\"ImageObject\",\"inLanguage\":\"ca\",\"@id\":\"https:\/\/sanromaasociados.com\/#\/schema\/logo\/image\/\",\"url\":\"https:\/\/sanromaasociados.com\/wp-content\/uploads\/2021\/05\/cropped-download.jpg\",\"contentUrl\":\"https:\/\/sanromaasociados.com\/wp-content\/uploads\/2021\/05\/cropped-download.jpg\",\"width\":512,\"height\":512,\"caption\":\"Rafael Sanrom\u00e0\"},\"image\":{\"@id\":\"https:\/\/sanromaasociados.com\/#\/schema\/logo\/image\/\"}}]}<\/script>\n<!-- \/ Yoast SEO plugin. -->","yoast_head_json":{"title":"Xavier Vila G\u00f3mez - Rafael Sanrom\u00e0","description":"Xavier Vila G\u00f3mez. Especialista en dret civil, mercantil i bancari.","robots":{"index":"index","follow":"follow","max-snippet":"max-snippet:-1","max-image-preview":"max-image-preview:large","max-video-preview":"max-video-preview:-1"},"canonical":"https:\/\/sanromaasociados.com\/ca\/xavier-vila-gomez\/","og_locale":"ca_ES","og_type":"article","og_title":"Xavier Vila G\u00f3mez - Rafael Sanrom\u00e0","og_description":"Xavier Vila G\u00f3mez. Especialista en derecho civil, mercantil y bancario.","og_url":"https:\/\/sanromaasociados.com\/ca\/xavier-vila-gomez\/","og_site_name":"Rafael Sanrom\u00e0","article_modified_time":"2026-01-20T09:04:30+00:00","twitter_card":"summary_large_image","twitter_misc":{"Temps estimat de lectura":"1 minut"},"schema":{"@context":"https:\/\/schema.org","@graph":[{"@type":"WebPage","@id":"https:\/\/sanromaasociados.com\/xavier-vila-gomez\/","url":"https:\/\/sanromaasociados.com\/xavier-vila-gomez\/","name":"Xavier Vila G\u00f3mez - Rafael Sanrom\u00e0","isPartOf":{"@id":"https:\/\/sanromaasociados.com\/#website"},"datePublished":"2026-01-20T08:00:31+00:00","dateModified":"2026-01-20T09:04:30+00:00","description":"Xavier Vila G\u00f3mez. Especialista en dret civil, mercantil i bancari.","breadcrumb":{"@id":"https:\/\/sanromaasociados.com\/xavier-vila-gomez\/#breadcrumb"},"inLanguage":"ca","potentialAction":[{"@type":"ReadAction","target":["https:\/\/sanromaasociados.com\/xavier-vila-gomez\/"]}]},{"@type":"BreadcrumbList","@id":"https:\/\/sanromaasociados.com\/xavier-vila-gomez\/#breadcrumb","itemListElement":[{"@type":"ListItem","position":1,"name":"Portada","item":"https:\/\/sanromaasociados.com\/"},{"@type":"ListItem","position":2,"name":"Xavier Vila G\u00f3mez"}]},{"@type":"WebSite","@id":"https:\/\/sanromaasociados.com\/#website","url":"https:\/\/sanromaasociados.com\/","name":"Rafael Sanrom\u00e0","description":"Advocats Associats","publisher":{"@id":"https:\/\/sanromaasociados.com\/#organization"},"potentialAction":[{"@type":"SearchAction","target":{"@type":"EntryPoint","urlTemplate":"https:\/\/sanromaasociados.com\/?s={search_term_string}"},"query-input":{"@type":"PropertyValueSpecification","valueRequired":true,"valueName":"search_term_string"}}],"inLanguage":"ca"},{"@type":"Organization","@id":"https:\/\/sanromaasociados.com\/#organization","name":"Rafael Sanrom\u00e0","url":"https:\/\/sanromaasociados.com\/","logo":{"@type":"ImageObject","inLanguage":"ca","@id":"https:\/\/sanromaasociados.com\/#\/schema\/logo\/image\/","url":"https:\/\/sanromaasociados.com\/wp-content\/uploads\/2021\/05\/cropped-download.jpg","contentUrl":"https:\/\/sanromaasociados.com\/wp-content\/uploads\/2021\/05\/cropped-download.jpg","width":512,"height":512,"caption":"Rafael Sanrom\u00e0"},"image":{"@id":"https:\/\/sanromaasociados.com\/#\/schema\/logo\/image\/"}}]}},"_links":{"self":[{"href":"https:\/\/sanromaasociados.com\/ca\/wp-json\/wp\/v2\/pages\/52","targetHints":{"allow":["GET"]}}],"collection":[{"href":"https:\/\/sanromaasociados.com\/ca\/wp-json\/wp\/v2\/pages"}],"about":[{"href":"https:\/\/sanromaasociados.com\/ca\/wp-json\/wp\/v2\/types\/page"}],"author":[{"embeddable":true,"href":"https:\/\/sanromaasociados.com\/ca\/wp-json\/wp\/v2\/users\/7"}],"replies":[{"embeddable":true,"href":"https:\/\/sanromaasociados.com\/ca\/wp-json\/wp\/v2\/comments?post=52"}],"version-history":[{"count":12,"href":"https:\/\/sanromaasociados.com\/ca\/wp-json\/wp\/v2\/pages\/52\/revisions"}],"predecessor-version":[{"id":834,"href":"https:\/\/sanromaasociados.com\/ca\/wp-json\/wp\/v2\/pages\/52\/revisions\/834"}],"wp:attachment":[{"href":"https:\/\/sanromaasociados.com\/ca\/wp-json\/wp\/v2\/media?parent=52"}],"curies":[{"name":"wp","href":"https:\/\/api.w.org\/{rel}","templated":true}]}}