{"id":244,"date":"2026-01-20T08:00:50","date_gmt":"2026-01-20T08:00:50","guid":{"rendered":"https:\/\/www.sanromaasociados.com\/?page_id=244"},"modified":"2026-01-21T13:51:55","modified_gmt":"2026-01-21T13:51:55","slug":"isabel-maria-navarres-silva","status":"publish","type":"page","link":"https:\/\/sanromaasociados.com\/ca\/isabel-maria-navarro-silva\/","title":{"rendered":"Isabel Maria Navarro Silva"},"content":{"rendered":"<p>[et_pb_section fb_built=\u00bb1&#8243; next_background_color=\u00bb#ffffff\u00bb _builder_version=\u00bb4.27.4&#8243; _module_preset=\u00bbdefault\u00bb background_color=\u00bb#4B2C2C\u00bb use_background_color_gradient=\u00bbon\u00bb background_color_gradient_direction=\u00bb134deg\u00bb background_color_gradient_stops=\u00bb#000000 30%|#4b2c2c 65%\u00bb positioning=\u00bbnone\u00bb custom_margin=\u00bb76px||||false|false\u00bb custom_padding=\u00bb70px|25px|70px|25px|true|true\u00bb bottom_divider_style=\u00bbasymmetric3&#8243; animation_style=\u00bbfade\u00bb global_colors_info=\u00bb{}\u00bb][et_pb_row make_equal=\u00bbon\u00bb _builder_version=\u00bb4.27.4&#8243; _module_preset=\u00bbdefault\u00bb width=\u00bb100%\u00bb max_width=\u00bb1200px\u00bb module_alignment=\u00bbcenter\u00bb custom_margin=\u00bb||||false|false\u00bb custom_padding=\u00bb||43px|||\u00bb global_colors_info=\u00bb{}\u00bb][et_pb_column type=\u00bb4_4&#8243; _builder_version=\u00bb4.27.4&#8243; _module_preset=\u00bbdefault\u00bb global_colors_info=\u00bb{}\u00bb][et_pb_heading title=\u00bbRafael Sanrom\u00e0 &#8211; Advocats &#038; Associats\u00bb _builder_version=\u00bb4.27.4&#8243; _module_preset=\u00bbdefault\u00bb title_font=\u00bbPlayfair Display|||on|||||\u00bb title_text_align=\u00bbcenter\u00bb title_text_color=\u00bb#FFFFFF\u00bb title_font_size=\u00bb21px\u00bb custom_margin=\u00bb||2px||false|false\u00bb global_colors_info=\u00bb{}\u00bb][\/et_pb_heading][et_pb_heading title=\u00bb@ET-DC@eyJkeW5hbWljIjp0cnVlLCJjb250ZW50IjoicG9zdF90aXRsZSIsInNldHRpbmdzIjp7ImJlZm9yZSI6IiIsImFmdGVyIjoiIn19@\u00bb _builder_version=\u00bb4.27.4&#8243; _dynamic_attributes=\u00bbtitle\u00bb _module_preset=\u00bbdefault\u00bb title_font=\u00bbPlayfair Display|||on|||||\u00bb title_text_align=\u00bbcenter\u00bb title_text_color=\u00bb#FFFFFF\u00bb title_font_size=\u00bb40px\u00bb custom_margin=\u00bb||4px|||\u00bb global_colors_info=\u00bb{}\u00bb][\/et_pb_heading][\/et_pb_column][\/et_pb_row][\/et_pb_section][et_pb_section fb_built=\u00bb1&#8243; _builder_version=\u00bb4.27.4&#8243; _module_preset=\u00bbdefault\u00bb background_enable_mask_style=\u00bbon\u00bb background_mask_style=\u00bbcorner-square\u00bb background_mask_color=\u00bbrgba(191,165,164,0.53)\u00bb background_mask_transform=\u00bbinvert|flip_horizontal|flip_vertical\u00bb background_mask_aspect_ratio=\u00bbportrait\u00bb custom_padding=\u00bb70px|20px|70px|20px|true|true\u00bb animation_style=\u00bbfade\u00bb global_colors_info=\u00bb{}\u00bb][et_pb_row column_structure=\u00bb1_2,1_2&#8243; _builder_version=\u00bb4.27.4&#8243; _module_preset=\u00bbdefault\u00bb width=\u00bb100%\u00bb max_width=\u00bb1200px\u00bb custom_margin=\u00bb|auto|55px|auto||\u00bb custom_padding=\u00bb0px||4px|||\u00bb global_colors_info=\u00bb{}\u00bb][et_pb_column type=\u00bb1_2&#8243; _builder_version=\u00bb4.27.4&#8243; _module_preset=\u00bbdefault\u00bb global_colors_info=\u00bb{}\u00bb][et_pb_text _builder_version=\u00bb4.27.4&#8243; _module_preset=\u00bbdefault\u00bb text_font=\u00bbInter||||||||\u00bb text_text_color=\u00bb#000000&#8243; text_font_size=\u00bb16px\u00bb text_line_height=\u00bb1.4em\u00bb header_2_font=\u00bbPlayfair Display|||on|||||\u00bb header_2_text_color=\u00bb#491212&#8243; header_2_font_size=\u00bb22px\u00bb header_2_line_height=\u00bb2.2em\u00bb custom_margin=\u00bb7px||1px||false|false\u00bb custom_padding=\u00bb||14px|||\u00bb hover_enabled=\u00bb0&#8243; global_colors_info=\u00bb{}\u00bb sticky_enabled=\u00bb0&#8243;]<\/p>\n<h2><strong>Formaci\u00f3n:\u00a0<\/strong><\/h2>\n<ul>\n<li>T\u00e9cnico Superior de Administraci\u00f3n y Finanzas.<\/li>\n<\/ul>\n<h2><strong>EXPERIENCIA PROFESIONAL:<\/strong><\/h2>\n<ul>\n<li>18 a\u00f1os de experiencia como asesora laboral al servicio de la peque\u00f1a y mediana empresa.<\/li>\n<\/ul>\n<p>[\/et_pb_text][et_pb_divider color=\u00bb#491212&#8243; divider_weight=\u00bb1.4px\u00bb _builder_version=\u00bb4.27.4&#8243; _module_preset=\u00bbdefault\u00bb custom_margin=\u00bb||5px|||\u00bb custom_padding=\u00bb0px||7px|||\u00bb global_colors_info=\u00bb{}\u00bb][\/et_pb_divider][dnxte_feature_list_parent dnxte_feature_list_icon_color=\u00bb#491212&#8243; dnxte_feature_list_icon_size=\u00bb18px\u00bb _builder_version=\u00bb4.27.4&#8243; _module_preset=\u00bbdefault\u00bb global_colors_info=\u00bb{}\u00bb][dnxte_feature_list_child dnxte_feature_list_title=\u00bbI.navarro@sanromaasociados.com\u00bb dnxte_feature_list_icon=\u00bb&#xf0e0;||fa||900&#8243; dnxte_feature_list_icon_color=\u00bb#491212&#8243; _builder_version=\u00bb4.27.4&#8243; _module_preset=\u00bbdefault\u00bb module_font=\u00bbInter||||||||\u00bb module_text_color=\u00bb#000000&#8243; module_font_size=\u00bb16px\u00bb link_option_url=\u00bbmailto:I.navarro@sanromaasociados.com\u00bb link_option_url_new_window=\u00bbon\u00bb global_colors_info=\u00bb{}\u00bb][\/dnxte_feature_list_child][dnxte_feature_list_child dnxte_feature_list_title=\u00bbLinkedin Isabel Mar\u00eda Navarro Silva\u00bb dnxte_feature_list_icon=\u00bb&#xe0cb;||divi||400&#8243; dnxte_feature_list_icon_color=\u00bb#491212&#8243; _builder_version=\u00bb4.27.4&#8243; _module_preset=\u00bbdefault\u00bb module_font=\u00bbInter||||||||\u00bb module_text_color=\u00bb#000000&#8243; module_font_size=\u00bb16px\u00bb link_option_url=\u00bbhttps:\/\/www.linkedin.com\/in\/isabel-maria-navarro-silva-a3b86724a\/\u00bb link_option_url_new_window=\u00bbon\u00bb global_colors_info=\u00bb{}\u00bb][\/dnxte_feature_list_child][\/dnxte_feature_list_parent][\/et_pb_column][et_pb_column type=\u00bb1_2&#8243; _builder_version=\u00bb4.27.4&#8243; _module_preset=\u00bbdefault\u00bb global_colors_info=\u00bb{}\u00bb][et_pb_image src=\u00bbhttps:\/\/sanromaasociados.com\/wp-content\/uploads\/2025\/11\/AB0A8021.jpg\u00bb alt=\u00bbRetrato de Isabel Mar\u00eda Navarro.\u00bb title_text=\u00bbIsabel Mar\u00eda Navarro\u00bb _builder_version=\u00bb4.27.4&#8243; _module_preset=\u00bbdefault\u00bb width=\u00bb89%\u00bb border_radii=\u00bbon|9px|9px|9px|9px\u00bb global_colors_info=\u00bb{}\u00bb transform_styles__hover_enabled=\u00bbon|desktop\u00bb transform_scale__hover_enabled=\u00bbon|desktop\u00bb transform_translate__hover_enabled=\u00bbon|desktop\u00bb transform_rotate__hover_enabled=\u00bbon|desktop\u00bb transform_skew__hover_enabled=\u00bbon|desktop\u00bb transform_origin__hover_enabled=\u00bbon|desktop\u00bb transform_scale__hover=\u00bb102%|102%\u00bb][\/et_pb_image][\/et_pb_column][\/et_pb_row][\/et_pb_section]<\/p>\n","protected":false},"excerpt":{"rendered":"<p>Formaci\u00f3n:\u00a0 T\u00e9cnico Superior de Administraci\u00f3n y Finanzas. EXPERIENCIA PROFESIONAL: 18 a\u00f1os de experiencia como asesora laboral al servicio de la peque\u00f1a y mediana empresa. <div class=\"et_pb_module dnxte_feature_list_parent dnxte_feature_list_parent_0\">\n\t\t\t\t\n\t\t\t\t\n\t\t\t\t\n\t\t\t\t\n\t\t\t\t\n\t\t\t\t\n\t\t\t\t<div class=\"et_pb_module_inner\">\n\t\t\t\t\t\n\t\t\t\t<\/div>\n\t\t\t<\/div><div class=\"et_pb_module dnxte_feature_list_child dnxte_feature_list_child_0 et_clickable\">\n\t\t\t\t\n\t\t\t\t\n\t\t\t\t\n\t\t\t\t\n\t\t\t\t\n\t\t\t\t\n\t\t\t\t<div class=\"et_pb_module_inner\">\n\t\t\t\t\t<a href=\"mailto:I.navarro@sanromaasociados.com\" target=\"_blank\"><div\n                class=\"dnxte-feature-list-wrap dnxte-feature-list-left-img dnxte_feature_list_image_position_center\"\n            >\n                <div class=\"dnxte-feature-list-img\">\n                    <i class=\"dnxte-feature-list-icon\">\uf0e0<\/i>\n                <\/div>\n                <div class=\"dnxte-feature-list-content dnxte_feature_list_text_alignment_center\">I.navarro@sanromaasociados.com<\/div>\n            <\/div><\/a>\n\t\t\t\t<\/div>\n\t\t\t<\/div><div class=\"et_pb_module dnxte_feature_list_child dnxte_feature_list_child_1 et_clickable\">\n\t\t\t\t\n\t\t\t\t\n\t\t\t\t\n\t\t\t\t\n\t\t\t\t\n\t\t\t\t\n\t\t\t\t<div class=\"et_pb_module_inner\">\n\t\t\t\t\t<a href=\"\/ca\/\u00bbhttps:\/\/www.linkedin.com\/in\/isabel-maria-navarro-silva-a3b86724a\/\u00bb\/\" target=\"_self\"><div\n                class=\"dnxte-feature-list-wrap dnxte-feature-list-left-img dnxte_feature_list_image_position_center\"\n            >\n                <div class=\"dnxte-feature-list-img\">\n                    <i class=\"dnxte-feature-list-icon\"><\/i>\n                <\/div>\n                <div class=\"dnxte-feature-list-content dnxte_feature_list_text_alignment_center\">\u00bbLinkedin<\/div>\n            <\/div><\/a>\n\t\t\t\t<\/div>\n\t\t\t<\/div><\/p>","protected":false},"author":7,"featured_media":0,"parent":0,"menu_order":0,"comment_status":"closed","ping_status":"closed","template":"","meta":{"_et_pb_use_builder":"on","_et_pb_old_content":"<strong><img class=\"alignnone size-full wp-image-264\" src=\"https:\/\/sanromaasociados.com\/wp-content\/uploads\/2019\/05\/Isabel.png\" alt=\"\" width=\"256\" height=\"256\" \/><\/strong>\r\n\r\n<strong>Email: <\/strong>I.navarro@sanromaasociados.com\r\n\r\n<strong>FORMACI\u00d3N:\u00a0<\/strong>\r\n<ul>\r\n \t<li>T\u00e9cnico Superior de Administraci\u00f3n y Finanzas.<\/li>\r\n<\/ul>\r\n<strong>EXPERIENCIA PROFESIONAL:\u00a0<\/strong>\r\n<ul>\r\n \t<li>18 a\u00f1os de experiencia como asesora laboral al servicio de la peque\u00f1a y mediana empresa.<\/li>\r\n<\/ul>","_et_gb_content_width":"","footnotes":""},"class_list":["post-244","page","type-page","status-publish","hentry"],"yoast_head":"<!-- This site is optimized with the Yoast SEO plugin v26.9 - https:\/\/yoast.com\/product\/yoast-seo-wordpress\/ -->\n<title>Isabel Mar\u00eda Navarro Silva - Rafael Sanrom\u00e0<\/title>\n<meta name=\"description\" content=\"Isabel Mar\u00eda Navarro Silva. Especialista en derecho civil, mercantil y bancario. Formaci\u00f3n: T\u00e9cnico Superior de Administraci\u00f3n y Finanzas.\" \/>\n<meta name=\"robots\" content=\"index, follow, max-snippet:-1, max-image-preview:large, max-video-preview:-1\" \/>\n<link rel=\"canonical\" href=\"https:\/\/sanromaasociados.com\/ca\/isabel-maria-navarres-silva\/\" \/>\n<meta property=\"og:locale\" content=\"ca_ES\" \/>\n<meta property=\"og:type\" content=\"article\" \/>\n<meta property=\"og:title\" content=\"Isabel Mar\u00eda Navarro Silva - Rafael Sanrom\u00e0\" \/>\n<meta property=\"og:description\" content=\"Isabel Mar\u00eda Navarro Silva. Especialista en derecho civil, mercantil y bancario. Formaci\u00f3n: T\u00e9cnico Superior de Administraci\u00f3n y Finanzas.\" \/>\n<meta property=\"og:url\" content=\"https:\/\/sanromaasociados.com\/ca\/isabel-maria-navarres-silva\/\" \/>\n<meta property=\"og:site_name\" content=\"Rafael Sanrom\u00e0\" \/>\n<meta property=\"article:modified_time\" content=\"2026-01-21T13:51:55+00:00\" \/>\n<meta name=\"twitter:card\" content=\"summary_large_image\" \/>\n<meta name=\"twitter:label1\" content=\"Temps estimat de lectura\" \/>\n\t<meta name=\"twitter:data1\" content=\"1 minut\" \/>\n<script type=\"application\/ld+json\" class=\"yoast-schema-graph\">{\"@context\":\"https:\/\/schema.org\",\"@graph\":[{\"@type\":\"WebPage\",\"@id\":\"https:\/\/sanromaasociados.com\/ca\/isabel-maria-navarres-silva\/\",\"url\":\"https:\/\/sanromaasociados.com\/ca\/isabel-maria-navarres-silva\/\",\"name\":\"Isabel Mar\u00eda Navarro Silva - Rafael Sanrom\u00e0\",\"isPartOf\":{\"@id\":\"https:\/\/sanromaasociados.com\/#website\"},\"datePublished\":\"2026-01-20T08:00:50+00:00\",\"dateModified\":\"2026-01-21T13:51:55+00:00\",\"description\":\"Isabel Mar\u00eda Navarro Silva. Especialista en derecho civil, mercantil y bancario. Formaci\u00f3n: T\u00e9cnico Superior de Administraci\u00f3n y Finanzas.\",\"breadcrumb\":{\"@id\":\"https:\/\/sanromaasociados.com\/ca\/isabel-maria-navarres-silva\/#breadcrumb\"},\"inLanguage\":\"ca\",\"potentialAction\":[{\"@type\":\"ReadAction\",\"target\":[\"https:\/\/sanromaasociados.com\/ca\/isabel-maria-navarres-silva\/\"]}]},{\"@type\":\"BreadcrumbList\",\"@id\":\"https:\/\/sanromaasociados.com\/ca\/isabel-maria-navarres-silva\/#breadcrumb\",\"itemListElement\":[{\"@type\":\"ListItem\",\"position\":1,\"name\":\"Portada\",\"item\":\"https:\/\/sanromaasociados.com\/\"},{\"@type\":\"ListItem\",\"position\":2,\"name\":\"Isabel Mar\u00eda Navarro Silva\"}]},{\"@type\":\"WebSite\",\"@id\":\"https:\/\/sanromaasociados.com\/#website\",\"url\":\"https:\/\/sanromaasociados.com\/\",\"name\":\"Rafael Sanrom\u00e0\",\"description\":\"Advocats Associats\",\"publisher\":{\"@id\":\"https:\/\/sanromaasociados.com\/#organization\"},\"potentialAction\":[{\"@type\":\"SearchAction\",\"target\":{\"@type\":\"EntryPoint\",\"urlTemplate\":\"https:\/\/sanromaasociados.com\/?s={search_term_string}\"},\"query-input\":{\"@type\":\"PropertyValueSpecification\",\"valueRequired\":true,\"valueName\":\"search_term_string\"}}],\"inLanguage\":\"ca\"},{\"@type\":\"Organization\",\"@id\":\"https:\/\/sanromaasociados.com\/#organization\",\"name\":\"Rafael Sanrom\u00e0\",\"url\":\"https:\/\/sanromaasociados.com\/\",\"logo\":{\"@type\":\"ImageObject\",\"inLanguage\":\"ca\",\"@id\":\"https:\/\/sanromaasociados.com\/#\/schema\/logo\/image\/\",\"url\":\"https:\/\/sanromaasociados.com\/wp-content\/uploads\/2021\/05\/cropped-download.jpg\",\"contentUrl\":\"https:\/\/sanromaasociados.com\/wp-content\/uploads\/2021\/05\/cropped-download.jpg\",\"width\":512,\"height\":512,\"caption\":\"Rafael Sanrom\u00e0\"},\"image\":{\"@id\":\"https:\/\/sanromaasociados.com\/#\/schema\/logo\/image\/\"}}]}<\/script>\n<!-- \/ Yoast SEO plugin. -->","yoast_head_json":{"title":"Isabel Maria Navarro Silva - Rafael Sanrom\u00e0","description":"Isabel Maria Navarro Silva. Especialista en dret civil, mercantil i bancari. Formaci\u00f3: t\u00e8cnic superior d&#039;administraci\u00f3 i finances.","robots":{"index":"index","follow":"follow","max-snippet":"max-snippet:-1","max-image-preview":"max-image-preview:large","max-video-preview":"max-video-preview:-1"},"canonical":"https:\/\/sanromaasociados.com\/ca\/isabel-maria-navarres-silva\/","og_locale":"ca_ES","og_type":"article","og_title":"Isabel Mar\u00eda Navarro Silva - Rafael Sanrom\u00e0","og_description":"Isabel Mar\u00eda Navarro Silva. Especialista en derecho civil, mercantil y bancario. Formaci\u00f3n: T\u00e9cnico Superior de Administraci\u00f3n y Finanzas.","og_url":"https:\/\/sanromaasociados.com\/ca\/isabel-maria-navarres-silva\/","og_site_name":"Rafael Sanrom\u00e0","article_modified_time":"2026-01-21T13:51:55+00:00","twitter_card":"summary_large_image","twitter_misc":{"Temps estimat de lectura":"1 minut"},"schema":{"@context":"https:\/\/schema.org","@graph":[{"@type":"WebPage","@id":"https:\/\/sanromaasociados.com\/ca\/isabel-maria-navarres-silva\/","url":"https:\/\/sanromaasociados.com\/ca\/isabel-maria-navarres-silva\/","name":"Isabel Maria Navarro Silva - Rafael Sanrom\u00e0","isPartOf":{"@id":"https:\/\/sanromaasociados.com\/#website"},"datePublished":"2026-01-20T08:00:50+00:00","dateModified":"2026-01-21T13:51:55+00:00","description":"Isabel Maria Navarro Silva. Especialista en dret civil, mercantil i bancari. Formaci\u00f3: t\u00e8cnic superior d&#039;administraci\u00f3 i finances.","breadcrumb":{"@id":"https:\/\/sanromaasociados.com\/ca\/isabel-maria-navarres-silva\/#breadcrumb"},"inLanguage":"ca","potentialAction":[{"@type":"ReadAction","target":["https:\/\/sanromaasociados.com\/ca\/isabel-maria-navarres-silva\/"]}]},{"@type":"BreadcrumbList","@id":"https:\/\/sanromaasociados.com\/ca\/isabel-maria-navarres-silva\/#breadcrumb","itemListElement":[{"@type":"ListItem","position":1,"name":"Portada","item":"https:\/\/sanromaasociados.com\/"},{"@type":"ListItem","position":2,"name":"Isabel Mar\u00eda Navarro Silva"}]},{"@type":"WebSite","@id":"https:\/\/sanromaasociados.com\/#website","url":"https:\/\/sanromaasociados.com\/","name":"Rafael Sanrom\u00e0","description":"Advocats Associats","publisher":{"@id":"https:\/\/sanromaasociados.com\/#organization"},"potentialAction":[{"@type":"SearchAction","target":{"@type":"EntryPoint","urlTemplate":"https:\/\/sanromaasociados.com\/?s={search_term_string}"},"query-input":{"@type":"PropertyValueSpecification","valueRequired":true,"valueName":"search_term_string"}}],"inLanguage":"ca"},{"@type":"Organization","@id":"https:\/\/sanromaasociados.com\/#organization","name":"Rafael Sanrom\u00e0","url":"https:\/\/sanromaasociados.com\/","logo":{"@type":"ImageObject","inLanguage":"ca","@id":"https:\/\/sanromaasociados.com\/#\/schema\/logo\/image\/","url":"https:\/\/sanromaasociados.com\/wp-content\/uploads\/2021\/05\/cropped-download.jpg","contentUrl":"https:\/\/sanromaasociados.com\/wp-content\/uploads\/2021\/05\/cropped-download.jpg","width":512,"height":512,"caption":"Rafael Sanrom\u00e0"},"image":{"@id":"https:\/\/sanromaasociados.com\/#\/schema\/logo\/image\/"}}]}},"_links":{"self":[{"href":"https:\/\/sanromaasociados.com\/ca\/wp-json\/wp\/v2\/pages\/244","targetHints":{"allow":["GET"]}}],"collection":[{"href":"https:\/\/sanromaasociados.com\/ca\/wp-json\/wp\/v2\/pages"}],"about":[{"href":"https:\/\/sanromaasociados.com\/ca\/wp-json\/wp\/v2\/types\/page"}],"author":[{"embeddable":true,"href":"https:\/\/sanromaasociados.com\/ca\/wp-json\/wp\/v2\/users\/7"}],"replies":[{"embeddable":true,"href":"https:\/\/sanromaasociados.com\/ca\/wp-json\/wp\/v2\/comments?post=244"}],"version-history":[{"count":9,"href":"https:\/\/sanromaasociados.com\/ca\/wp-json\/wp\/v2\/pages\/244\/revisions"}],"predecessor-version":[{"id":905,"href":"https:\/\/sanromaasociados.com\/ca\/wp-json\/wp\/v2\/pages\/244\/revisions\/905"}],"wp:attachment":[{"href":"https:\/\/sanromaasociados.com\/ca\/wp-json\/wp\/v2\/media?parent=244"}],"curies":[{"name":"wp","href":"https:\/\/api.w.org\/{rel}","templated":true}]}}